{"id":175,"date":"2017-08-23T11:14:56","date_gmt":"2017-08-23T11:14:56","guid":{"rendered":"http:\/\/garciavillullas.com\/?page_id=175"},"modified":"2017-10-21T16:55:58","modified_gmt":"2017-10-21T16:55:58","slug":"vida-convenios","status":"publish","type":"page","link":"https:\/\/garciavillullas.com\/?page_id=175","title":{"rendered":"Vida Convenios"},"content":{"rendered":"<p><img loading=\"lazy\" decoding=\"async\" class=\"wp-image-371 aligncenter\" src=\"https:\/\/garciavillullas.com\/wp-content\/uploads\/2017\/10\/Vida-Convenios-e1507220251249.png\" alt=\"\" width=\"538\" height=\"302\" \/><\/p>\n<h1 style=\"text-align: center;\"><strong>Vida Convenios<\/strong><\/h1>\n<p><strong>\u00bfQu\u00e9 es?<\/strong><\/p>\n<p>Un seguro que ofrece todas las coberturas y garant\u00edas, de fallecimiento e invalidez por cualquier causa, que recogen los Convenios Colectivos o Acuerdos Particulares de la Empresa con sus trabajadores.<\/p>\n<p><strong>\u00bfPara qu\u00e9 sirve?<\/strong><\/p>\n<p>Para que la Empresa tenga cubiertos los compromisos laborales con los trabajadores de forma sencilla y sin sorpresas. Tambi\u00e9n se pueden contratar mejoras con respecto al marco legal y ofrecer coberturas \u00a0\u00a0\u00a0para la vida privada.<\/p>\n<p><strong>\u00bfQui\u00e9n puede y debe contratarlo?<\/strong><\/p>\n<p>Cualquier Empresa que desarrolle su actividad en un sector regulado por un Convenio Colectivo Laboral y las que quieran ampliar coberturas a sus trabajadores.<\/p>\n<p><strong>\u00bfQu\u00e9 ventajas ofrece?<\/strong><\/p>\n<ul>\n<li>Respuestas eficaces y flexibles.<\/li>\n<li>Simplicidad en la contrataci\u00f3n y agilidad en la gesti\u00f3n.<\/li>\n<li>Actualizaci\u00f3n autom\u00e1tica de capitales y garant\u00edas recogidas en Convenios.<\/li>\n<li>Participaci\u00f3n en los beneficios globales del producto.<\/li>\n<li>Seguridad para el trabajador y su familia.<\/li>\n<\/ul>\n<p>Ampl\u00eda la protecci\u00f3n a los trabajadores con coberturas de fallecimiento e invalidez por cualquier causa, que recogen los convenios y acuerdos.<\/p>\n<p>Opcionalmente se puede contratar doble o triple capital para caso de accidente o accidente de circulaci\u00f3n.<\/p>\n<p>Muy \u00fatil para garantizar la continuidad de la empresa en caso de fallecimiento o invalidez de alg\u00fan trabajador con derecho a indemnizaci\u00f3n. En determinados convenios puede ser obligatoria su contrataci\u00f3n.<\/p>\n<p>Cons\u00faltanos<br \/>\n\n<div class=\"wpcf7 no-js\" id=\"wpcf7-f6-o1\" lang=\"es-ES\" dir=\"ltr\" data-wpcf7-id=\"6\">\n<div class=\"screen-reader-response\"><p role=\"status\" aria-live=\"polite\" aria-atomic=\"true\"><\/p> <ul><\/ul><\/div>\n<form action=\"\/index.php?rest_route=%2Fwp%2Fv2%2Fpages%2F175#wpcf7-f6-o1\" method=\"post\" class=\"wpcf7-form init\" aria-label=\"Formulario de contacto\" novalidate=\"novalidate\" data-status=\"init\">\n<fieldset class=\"hidden-fields-container\"><input type=\"hidden\" name=\"_wpcf7\" value=\"6\" \/><input type=\"hidden\" name=\"_wpcf7_version\" value=\"6.1.5\" \/><input type=\"hidden\" name=\"_wpcf7_locale\" value=\"es_ES\" \/><input type=\"hidden\" name=\"_wpcf7_unit_tag\" value=\"wpcf7-f6-o1\" \/><input type=\"hidden\" name=\"_wpcf7_container_post\" value=\"0\" \/><input type=\"hidden\" name=\"_wpcf7_posted_data_hash\" value=\"\" \/><input type=\"hidden\" name=\"_wpcf7_recaptcha_response\" value=\"\" \/>\n<\/fieldset>\n<p><label> Nombre (requerido)<br \/>\n<span class=\"wpcf7-form-control-wrap\" data-name=\"your-name\"><input size=\"40\" maxlength=\"400\" class=\"wpcf7-form-control wpcf7-text wpcf7-validates-as-required\" aria-required=\"true\" aria-invalid=\"false\" value=\"\" type=\"text\" name=\"your-name\" \/><\/span> <\/label>\n<\/p>\n<p><label> Tu correo electr\u00f3nico (requerido)<br \/>\n<span class=\"wpcf7-form-control-wrap\" data-name=\"your-email\"><input size=\"40\" maxlength=\"400\" class=\"wpcf7-form-control wpcf7-email wpcf7-validates-as-required wpcf7-text wpcf7-validates-as-email\" aria-required=\"true\" aria-invalid=\"false\" value=\"\" type=\"email\" name=\"your-email\" \/><\/span> <\/label>\n<\/p>\n<p><label> Mensaje<br \/>\n<span class=\"wpcf7-form-control-wrap\" data-name=\"your-message\"><textarea cols=\"40\" rows=\"10\" maxlength=\"2000\" class=\"wpcf7-form-control wpcf7-textarea\" aria-invalid=\"false\" name=\"your-message\"><\/textarea><\/span> <\/label>\n<\/p>\n<p><input class=\"wpcf7-form-control wpcf7-submit has-spinner\" type=\"submit\" value=\"Enviar\" \/>\n<\/p>\n<p style=\"display: none !important;\" class=\"akismet-fields-container\" data-prefix=\"_wpcf7_ak_\"><label>&#916;<textarea name=\"_wpcf7_ak_hp_textarea\" cols=\"45\" rows=\"8\" maxlength=\"100\"><\/textarea><\/label><input type=\"hidden\" id=\"ak_js_1\" name=\"_wpcf7_ak_js\" value=\"15\"\/><script type=\"text\/javascript\">\n\/* <![CDATA[ *\/\ndocument.getElementById( \"ak_js_1\" ).setAttribute( \"value\", ( new Date() ).getTime() );\n\/* ]]> *\/\n<\/script>\n<\/p><div class=\"wpcf7-response-output\" aria-hidden=\"true\"><\/div>\n<\/form>\n<\/div>\n\n","protected":false},"excerpt":{"rendered":"<p>Vida Convenios \u00bfQu\u00e9 es? Un seguro que ofrece todas las coberturas y garant\u00edas, de fallecimiento e invalidez por cualquier causa, que recogen los Convenios Colectivos o Acuerdos Particulares de la Empresa con sus trabajadores. \u00bfPara qu\u00e9 sirve? Para que la Empresa tenga cubiertos los compromisos laborales con los trabajadores de forma sencilla y sin sorpresas. [&hellip;]<\/p>\n","protected":false},"author":1,"featured_media":0,"parent":0,"menu_order":0,"comment_status":"closed","ping_status":"closed","template":"fullwidth.php","meta":{"footnotes":""},"class_list":["post-175","page","type-page","status-publish","hentry"],"_links":{"self":[{"href":"https:\/\/garciavillullas.com\/index.php?rest_route=\/wp\/v2\/pages\/175","targetHints":{"allow":["GET"]}}],"collection":[{"href":"https:\/\/garciavillullas.com\/index.php?rest_route=\/wp\/v2\/pages"}],"about":[{"href":"https:\/\/garciavillullas.com\/index.php?rest_route=\/wp\/v2\/types\/page"}],"author":[{"embeddable":true,"href":"https:\/\/garciavillullas.com\/index.php?rest_route=\/wp\/v2\/users\/1"}],"replies":[{"embeddable":true,"href":"https:\/\/garciavillullas.com\/index.php?rest_route=%2Fwp%2Fv2%2Fcomments&post=175"}],"version-history":[{"count":5,"href":"https:\/\/garciavillullas.com\/index.php?rest_route=\/wp\/v2\/pages\/175\/revisions"}],"predecessor-version":[{"id":510,"href":"https:\/\/garciavillullas.com\/index.php?rest_route=\/wp\/v2\/pages\/175\/revisions\/510"}],"wp:attachment":[{"href":"https:\/\/garciavillullas.com\/index.php?rest_route=%2Fwp%2Fv2%2Fmedia&parent=175"}],"curies":[{"name":"wp","href":"https:\/\/api.w.org\/{rel}","templated":true}]}}